{"id":14,"date":"2026-04-20T09:42:20","date_gmt":"2026-04-20T09:42:20","guid":{"rendered":"https:\/\/baerenwiesn.de\/start\/"},"modified":"2026-04-29T10:10:18","modified_gmt":"2026-04-29T10:10:18","slug":"start","status":"publish","type":"page","link":"https:\/\/baerenwiesn.de\/en\/","title":{"rendered":"Start"},"content":{"rendered":"\n<div class=\"wp-block-group alignfull ext-hero-section is-style-ext-preset--group--natural-1--section ext-animate--on has-background-background-color has-background has-global-padding is-layout-constrained wp-container-core-group-is-layout-e96f6837 wp-block-group-is-layout-constrained\" style=\"margin-top:0;margin-bottom:0;padding-top:0;padding-right:0;padding-bottom:0;padding-left:0\">\n<div class=\"wp-block-cover alignfull has-custom-content-position is-position-bottom-center is-style-ext-preset--cover--natural-1--cover-overlay-1 ext-animate--on is-style-ext-preset--cover--natural-1--cover-overlay-1--2\" style=\"padding-top:var(--wp--preset--spacing--55);padding-right:var(--wp--preset--spacing--30);padding-bottom:var(--wp--preset--spacing--55);padding-left:var(--wp--preset--spacing--30);min-height:80vh;aspect-ratio:unset;\"><img loading=\"lazy\" decoding=\"async\" width=\"1440\" height=\"960\" class=\"wp-block-cover__image-background wp-image-72\" alt=\"\" src=\"https:\/\/baerenwiesn.de\/wp-content\/uploads\/2026\/04\/13d52d14984f9c733046e575ef5560f4e90e3d89.jpg\" data-object-fit=\"cover\" srcset=\"https:\/\/baerenwiesn.de\/wp-content\/uploads\/2026\/04\/13d52d14984f9c733046e575ef5560f4e90e3d89.jpg 1440w, https:\/\/baerenwiesn.de\/wp-content\/uploads\/2026\/04\/13d52d14984f9c733046e575ef5560f4e90e3d89-300x200.jpg 300w, https:\/\/baerenwiesn.de\/wp-content\/uploads\/2026\/04\/13d52d14984f9c733046e575ef5560f4e90e3d89-1024x683.jpg 1024w, https:\/\/baerenwiesn.de\/wp-content\/uploads\/2026\/04\/13d52d14984f9c733046e575ef5560f4e90e3d89-768x512.jpg 768w\" sizes=\"auto, (max-width: 1440px) 100vw, 1440px\" \/><span aria-hidden=\"true\" class=\"wp-block-cover__background has-background-dim-80 has-background-dim wp-block-cover__gradient-background has-background-gradient\" style=\"background:linear-gradient(0deg,rgb(1,1,1) 0%,rgba(0,0,0,0.15) 100%)\"><\/span><div class=\"wp-block-cover__inner-container has-global-padding is-layout-constrained wp-container-core-cover-is-layout-8484a25a wp-block-cover-is-layout-constrained\">\n<div class=\"wp-block-group alignwide ext-is-logical-start ext-animate--on has-global-padding is-content-justification-center is-layout-constrained wp-container-core-group-is-layout-ef3e6950 wp-block-group-is-layout-constrained\">\n<h1 class=\"wp-block-heading has-text-align-center ext-animate--on has-text-color has-link-color wp-elements-842048f823aabfdf1f2c4d29bb626ff1\" style=\"color:#fefefe\">Bears &#038; Friends M\u00fcnchen <\/h1>\n\n\n\n<p class=\"has-text-align-center ext-animate--on\">Feiern in bunter Gemeinschaft<\/p>\n\n\n\n<p class=\"has-text-align-center ext-animate--on\" style=\"margin-top:1.5rem\">Das Baers &#038; Friends  Wochenende bringt schwule M\u00e4nner und Freunde auf dem Oktoberfest zusammen<\/p>\n\n\n\n<div class=\"wp-block-buttons ext-animate--on is-content-justification-center is-layout-flex wp-container-core-buttons-is-layout-a89b3969 wp-block-buttons-is-layout-flex\">\n<div class=\"wp-block-button is-style-ext-preset--button--natural-1--button-1 ext-animate--on is-style-ext-preset--button--natural-1--button-1--3\"><a class=\"wp-block-button__link has-text-color has-background has-link-color wp-element-button\" href=\"https:\/\/baerenwiesn.de\/#galerie\" style=\"color:#060606;background-color:#fefefe\">Jetzt entdecken<\/a><\/div>\n<\/div>\n<\/div>\n<\/div><\/div>\n<\/div>\n\n\n\n<div class=\"wp-block-group alignfull is-style-ext-preset--group--natural-1--section has-tertiary-background-color has-background has-global-padding is-layout-constrained wp-container-core-group-is-layout-e955bbaf wp-block-group-is-layout-constrained\" id=\"faq\" style=\"margin-top:0;margin-bottom:0;padding-top:var(--wp--preset--spacing--70);padding-bottom:var(--wp--preset--spacing--70)\">\n<div class=\"wp-block-group alignwide ext-is-logical-start has-global-padding is-content-justification-left is-layout-constrained wp-container-core-group-is-layout-20186816 wp-block-group-is-layout-constrained\">\n<h2 class=\"wp-block-heading ext-animate--on\">Gemeinsam feiern:<\/h2>\n\n\n\n<p class=\"ext-animate--on\">Celebrating Together:<\/p>\n\n\n\n<p class=\"ext-animate--on\"><\/p>\n\n\n\n<p>Baers &#038; Friends  Wochenende<\/p>\n\n\n\n<p class=\"ext-animate--on\">Hier finden Sie Antworten auf die wichtigsten Fragen rund um Bears &#038; Friends M\u00fcnchen , damit Sie entspannt und gut informiert teilnehmen k\u00f6nnen.<\/p>\n\n\n\n<p class=\"ext-animate--on\">Here you will find answers to the most important questions regarding Bears &#038; Friends Munich, so that you can participate in a relaxed and well-informed manner.<\/p>\n<\/div>\n\n\n\n<div class=\"wp-block-columns alignwide is-layout-flex wp-container-core-columns-is-layout-08c01c1c wp-block-columns-is-layout-flex\">\n<div class=\"wp-block-column ext-animate--on is-layout-flow wp-container-core-column-is-layout-119bc444 wp-block-column-is-layout-flow\">\n<div class=\"wp-block-group is-style-ext-preset--group--natural-1--item-card-1--align-start has-global-padding is-layout-constrained wp-block-group-is-layout-constrained is-style-ext-preset--group--natural-1--item-card-1--align-start--5\">\n<div class=\"wp-block-group is-style-default has-global-padding is-layout-constrained wp-block-group-is-layout-constrained\">\n<div class=\"wp-block-group is-nowrap is-layout-flex wp-container-core-group-is-layout-64fa2afa wp-block-group-is-layout-flex\" style=\"padding-top:0;padding-right:0;padding-bottom:0;padding-left:0\">\n<figure class=\"wp-block-image size-large ext-aspect-landscape wp-duotone-primary-foreground\"><img decoding=\"async\" src=\"data:image\/svg+xml;base64,PHN2ZyB4bWxucz0iaHR0cDovL3d3dy53My5vcmcvMjAwMC9zdmciIHdpZHRoPSI0OCIgaGVpZ2h0PSI0OCIgZmlsbD0iIzAwMDAwMCIgdmlld0JveD0iMCAwIDI1NiAyNTYiPjxwYXRoIGQ9Ik0xNDAsMTgwYTEyLDEyLDAsMSwxLTEyLTEyQTEyLDEyLDAsMCwxLDE0MCwxODBaTTEyOCw3MmMtMjIuMDYsMC00MCwxNi4xNS00MCwzNnY0YTgsOCwwLDAsMCwxNiwwdi00YzAtMTEsMTAuNzctMjAsMjQtMjBzMjQsOSwyNCwyMC0xMC43NywyMC0yNCwyMGE4LDgsMCwwLDAtOCw4djhhOCw4LDAsMCwwLDE2LDB2LS43MmMxOC4yNC0zLjM1LDMyLTE3LjksMzItMzUuMjhDMTY4LDg4LjE1LDE1MC4wNiw3MiwxMjgsNzJabTEwNCw1NkExMDQsMTA0LDAsMSwxLDEyOCwyNCwxMDQuMTEsMTA0LjExLDAsMCwxLDIzMiwxMjhabS0xNiwwYTg4LDg4LDAsMSwwLTg4LDg4QTg4LjEsODguMSwwLDAsMCwyMTYsMTI4WiI+PC9wYXRoPjwvc3ZnPg==\" alt=\"\" style=\"object-fit:cover\"\/><\/figure>\n\n\n\n<div class=\"wp-block-group wp-container-content-958eb9dc has-global-padding is-layout-constrained wp-container-core-group-is-layout-c06d165c wp-block-group-is-layout-constrained\" style=\"padding-top:0;padding-right:0;padding-bottom:0;padding-left:0\">\n<h3 class=\"wp-block-heading\">Wann findet das <\/h3>\n\n\n\n<p class=\"ext-animate--on\"><strong>Baers &#038; Friends  Wochenende statt?<\/strong><\/p>\n\n\n\n<p>Das Baerenwochenende findet vom 18.09.2026 bis  20.09.2026 in M\u00fcnchen statt.<\/p>\n\n\n\n<p class=\"ext-animate--on\">The Bear Weekend will take place in Munich from September 18 to September 20, 2026.<\/p>\n\n\n\n<p class=\"ext-animate--on\"><\/p>\n<\/div>\n<\/div>\n<\/div>\n<\/div>\n<\/div>\n\n\n\n<div class=\"wp-block-column ext-animate--on is-layout-flow wp-container-core-column-is-layout-119bc444 wp-block-column-is-layout-flow\">\n<div class=\"wp-block-group is-style-ext-preset--group--natural-1--item-card-1--align-start has-global-padding is-layout-constrained wp-block-group-is-layout-constrained is-style-ext-preset--group--natural-1--item-card-1--align-start--6\">\n<div class=\"wp-block-group is-style-default has-global-padding is-layout-constrained wp-block-group-is-layout-constrained\">\n<div class=\"wp-block-group is-nowrap is-layout-flex wp-container-core-group-is-layout-64fa2afa wp-block-group-is-layout-flex\" style=\"padding-top:0;padding-right:0;padding-bottom:0;padding-left:0\">\n<figure class=\"wp-block-image size-large ext-aspect-landscape wp-duotone-primary-foreground\"><img decoding=\"async\" src=\"data:image\/svg+xml;base64,PHN2ZyB4bWxucz0iaHR0cDovL3d3dy53My5vcmcvMjAwMC9zdmciIHdpZHRoPSI0OCIgaGVpZ2h0PSI0OCIgZmlsbD0iIzAwMDAwMCIgdmlld0JveD0iMCAwIDI1NiAyNTYiPjxwYXRoIGQ9Ik0xNDAsMTgwYTEyLDEyLDAsMSwxLTEyLTEyQTEyLDEyLDAsMCwxLDE0MCwxODBaTTEyOCw3MmMtMjIuMDYsMC00MCwxNi4xNS00MCwzNnY0YTgsOCwwLDAsMCwxNiwwdi00YzAtMTEsMTAuNzctMjAsMjQtMjBzMjQsOSwyNCwyMC0xMC43NywyMC0yNCwyMGE4LDgsMCwwLDAtOCw4djhhOCw4LDAsMCwwLDE2LDB2LS43MmMxOC4yNC0zLjM1LDMyLTE3LjksMzItMzUuMjhDMTY4LDg4LjE1LDE1MC4wNiw3MiwxMjgsNzJabTEwNCw1NkExMDQsMTA0LDAsMSwxLDEyOCwyNCwxMDQuMTEsMTA0LjExLDAsMCwxLDIzMiwxMjhabS0xNiwwYTg4LDg4LDAsMSwwLTg4LDg4QTg4LjEsODguMSwwLDAsMCwyMTYsMTI4WiI+PC9wYXRoPjwvc3ZnPg==\" alt=\"\" style=\"object-fit:cover\"\/><\/figure>\n\n\n\n<div class=\"wp-block-group wp-container-content-958eb9dc has-global-padding is-layout-constrained wp-container-core-group-is-layout-c06d165c wp-block-group-is-layout-constrained\" style=\"padding-top:0;padding-right:0;padding-bottom:0;padding-left:0\">\n<h3 class=\"wp-block-heading\">Wo genau findet das Event statt?<\/h3>\n\n\n\n<p>Meet &#038; Greet: <\/p>\n\n\n\n<p class=\"ext-animate--on\">18.09.2026 ab 21:00 Uhr im New York Club M\u00fcnchen. Elisenstrasse 3, dort k\u00f6nnt Ihr Eure Tickest abholen und Euch kennenlernen. Ihr Seit teil der Preopenparty Wiesn 2026<\/p>\n\n\n\n<p class=\"ext-animate--on\">Samstag 19.09.2026 ab 11:00 Uhr treffen wir uns zu Weisswurstfr\u00fchst\u00fcckim Cafe Gl\u00fcck, Palmstrasse 4. Dort k\u00f6nnt Ihr per Live\u00fcbertragung den Einzug der Wiesnwirte beobachten. . Alternativ k\u00f6nnt Ihr den Verzehrgutschein nat\u00fcrlich dort auch anderweitig verzehren.<\/p>\n\n\n\n<p class=\"ext-animate--on\">Am Abend erwartet Euch der New York Club, zur After Wiesnparty. Der Eintritt ist im Packet inklusive. Beginn ist 22:00 Uhr<\/p>\n\n\n\n<p class=\"ext-animate--on\">Am 20.09.2026 startet er der legend\u00e4re Gay Sunday auf dem Blakon der Br\u00e4urosel. Unsere Pl\u00e4tze sind ab 10:30 Uhr reserviert. Die Wirte freuen sich gemeinsam mit uns eine der \u00e4ltesten schwul- lesbischen Veranstaltungen  auf dem Oktoberfest zu feiern.<\/p>\n\n\n\n<p class=\"ext-animate--on\"><strong>Meet &#038; Greet:<\/strong><\/p>\n\n\n\n<p class=\"ext-animate--on\">September 18, 2026, starting at 9:00 PM at the New York Club Munich (Elisenstrasse 3). This is where you can pick up your tickets and get to know one another. You are officially part of the Wiesn 2026 Pre-Opening Party!<\/p>\n\n\n\n<p class=\"ext-animate--on\">On Saturday, September 19, 2026, starting at 11:00 AM, we will meet for a traditional <em>Weisswurst<\/em> breakfast at Caf\u00e9 Gl\u00fcck (Palmstrasse 4). From there, you can watch the ceremonial Entry of the Oktoberfest Landlords via live broadcast. Alternatively, you are, of course, welcome to use your food and drink voucher for other items on the menu.<\/p>\n\n\n\n<p class=\"ext-animate--on\">In the evening, the New York Club awaits you for the After-Wiesn Party. Admission is included in your package. The party starts at 10:00 PM.<\/p>\n\n\n\n<p class=\"ext-animate--on\">On September 20, 2026, the legendary &#8220;Gay Sunday&#8221; kicks off on the balcony of the <em>Br\u00e4urosel<\/em> tent. Our seats are reserved starting at 10:30 AM. The hosts look forward to joining us in celebrating one of the oldest LGBTQ+ events at Oktoberfest!<\/p>\n<\/div>\n<\/div>\n<\/div>\n<\/div>\n<\/div>\n<\/div>\n\n\n\n<div class=\"wp-block-columns alignwide is-layout-flex wp-container-core-columns-is-layout-967d05ff wp-block-columns-is-layout-flex\" style=\"margin-top:var(--wp--preset--spacing--40)\">\n<div class=\"wp-block-column ext-animate--on is-layout-flow wp-container-core-column-is-layout-119bc444 wp-block-column-is-layout-flow\">\n<div class=\"wp-block-group is-style-ext-preset--group--natural-1--item-card-1--align-start has-global-padding is-layout-constrained wp-block-group-is-layout-constrained is-style-ext-preset--group--natural-1--item-card-1--align-start--7\">\n<div class=\"wp-block-group is-style-default has-global-padding is-layout-constrained wp-block-group-is-layout-constrained\">\n<div class=\"wp-block-group is-nowrap is-layout-flex wp-container-core-group-is-layout-64fa2afa wp-block-group-is-layout-flex\" style=\"padding-top:0;padding-right:0;padding-bottom:0;padding-left:0\">\n<figure class=\"wp-block-image size-large ext-aspect-landscape wp-duotone-primary-foreground\"><img decoding=\"async\" src=\"data:image\/svg+xml;base64,PHN2ZyB4bWxucz0iaHR0cDovL3d3dy53My5vcmcvMjAwMC9zdmciIHdpZHRoPSI0OCIgaGVpZ2h0PSI0OCIgZmlsbD0iIzAwMDAwMCIgdmlld0JveD0iMCAwIDI1NiAyNTYiPjxwYXRoIGQ9Ik0xNDAsMTgwYTEyLDEyLDAsMSwxLTEyLTEyQTEyLDEyLDAsMCwxLDE0MCwxODBaTTEyOCw3MmMtMjIuMDYsMC00MCwxNi4xNS00MCwzNnY0YTgsOCwwLDAsMCwxNiwwdi00YzAtMTEsMTAuNzctMjAsMjQtMjBzMjQsOSwyNCwyMC0xMC43NywyMC0yNCwyMGE4LDgsMCwwLDAtOCw4djhhOCw4LDAsMCwwLDE2LDB2LS43MmMxOC4yNC0zLjM1LDMyLTE3LjksMzItMzUuMjhDMTY4LDg4LjE1LDE1MC4wNiw3MiwxMjgsNzJabTEwNCw1NkExMDQsMTA0LDAsMSwxLDEyOCwyNCwxMDQuMTEsMTA0LjExLDAsMCwxLDIzMiwxMjhabS0xNiwwYTg4LDg4LDAsMSwwLTg4LDg4QTg4LjEsODguMSwwLDAsMCwyMTYsMTI4WiI+PC9wYXRoPjwvc3ZnPg==\" alt=\"\" style=\"object-fit:cover\"\/><\/figure>\n\n\n\n<div class=\"wp-block-group wp-container-content-958eb9dc has-global-padding is-layout-constrained wp-container-core-group-is-layout-c06d165c wp-block-group-is-layout-constrained\" style=\"padding-top:0;padding-right:0;padding-bottom:0;padding-left:0\">\n<h3 class=\"wp-block-heading\">Wer kann Baers &#038; Friends  Wochenende teilnehmen?<\/h3>\n\n\n\n<p>Alle schwulen M\u00e4nner und ihre Freunde sind herzlich eingeladen, gemeinsam mit \u00fcber 6000 Teilnehmern zu feiern.<\/p>\n\n\n\n<p class=\"ext-animate--on\">All gay men and their friends are cordially invited to celebrate together with over 6,000 participants.<\/p>\n\n\n\n<p class=\"ext-animate--on\"><\/p>\n<\/div>\n<\/div>\n<\/div>\n<\/div>\n<\/div>\n\n\n\n<div class=\"wp-block-column ext-animate--on is-layout-flow wp-container-core-column-is-layout-119bc444 wp-block-column-is-layout-flow\">\n<div class=\"wp-block-group is-style-ext-preset--group--natural-1--item-card-1--align-start has-global-padding is-layout-constrained wp-block-group-is-layout-constrained is-style-ext-preset--group--natural-1--item-card-1--align-start--8\">\n<div class=\"wp-block-group is-style-default has-global-padding is-layout-constrained wp-block-group-is-layout-constrained\">\n<div class=\"wp-block-group is-nowrap is-layout-flex wp-container-core-group-is-layout-64fa2afa wp-block-group-is-layout-flex\" style=\"padding-top:0;padding-right:0;padding-bottom:0;padding-left:0\">\n<figure class=\"wp-block-image size-large ext-aspect-landscape wp-duotone-primary-foreground\"><img decoding=\"async\" src=\"data:image\/svg+xml;base64,PHN2ZyB4bWxucz0iaHR0cDovL3d3dy53My5vcmcvMjAwMC9zdmciIHdpZHRoPSI0OCIgaGVpZ2h0PSI0OCIgZmlsbD0iIzAwMDAwMCIgdmlld0JveD0iMCAwIDI1NiAyNTYiPjxwYXRoIGQ9Ik0xNDAsMTgwYTEyLDEyLDAsMSwxLTEyLTEyQTEyLDEyLDAsMCwxLDE0MCwxODBaTTEyOCw3MmMtMjIuMDYsMC00MCwxNi4xNS00MCwzNnY0YTgsOCwwLDAsMCwxNiwwdi00YzAtMTEsMTAuNzctMjAsMjQtMjBzMjQsOSwyNCwyMC0xMC43NywyMC0yNCwyMGE4LDgsMCwwLDAtOCw4djhhOCw4LDAsMCwwLDE2LDB2LS43MmMxOC4yNC0zLjM1LDMyLTE3LjksMzItMzUuMjhDMTY4LDg4LjE1LDE1MC4wNiw3MiwxMjgsNzJabTEwNCw1NkExMDQsMTA0LDAsMSwxLDEyOCwyNCwxMDQuMTEsMTA0LjExLDAsMCwxLDIzMiwxMjhabS0xNiwwYTg4LDg4LDAsMSwwLTg4LDg4QTg4LjEsODguMSwwLDAsMCwyMTYsMTI4WiI+PC9wYXRoPjwvc3ZnPg==\" alt=\"\" style=\"object-fit:cover\"\/><\/figure>\n\n\n\n<div class=\"wp-block-group wp-container-content-958eb9dc has-global-padding is-layout-constrained wp-container-core-group-is-layout-c06d165c wp-block-group-is-layout-constrained\" style=\"padding-top:0;padding-right:0;padding-bottom:0;padding-left:0\">\n<h3 class=\"wp-block-heading\">Wie kann ich Tickets erwerben?<\/h3>\n\n\n\n<p>Tickets sind online erh\u00e4ltlich und erm\u00f6glichen den Zugang zur Baerenwiesn in der Bra\u00fcrosel. Sowie allen anderen Veranstaltungen im Rahmen des Baers &#038; Friends  Wochenende  2026 in M\u00fcnchen.<\/p>\n\n\n\n<p class=\"ext-animate--on\">Tickets are available online and grant access to the Baerenwiesn at the Br\u00e4urosel, as well as all other events taking place as part of the Baers &#038; Friends Weekend 2026 in Munich.<\/p>\n<\/div>\n<\/div>\n<\/div>\n<\/div>\n<\/div>\n<\/div>\n\n\n\n<div class=\"wp-block-columns alignwide is-layout-flex wp-container-core-columns-is-layout-967d05ff wp-block-columns-is-layout-flex\" style=\"margin-top:var(--wp--preset--spacing--40)\">\n<div class=\"wp-block-column ext-animate--on is-layout-flow wp-container-core-column-is-layout-119bc444 wp-block-column-is-layout-flow\">\n<div class=\"wp-block-group is-style-ext-preset--group--natural-1--item-card-1--align-start has-global-padding is-layout-constrained wp-block-group-is-layout-constrained is-style-ext-preset--group--natural-1--item-card-1--align-start--9\">\n<div class=\"wp-block-group is-style-default has-global-padding is-layout-constrained wp-block-group-is-layout-constrained\">\n<div class=\"wp-block-group is-nowrap is-layout-flex wp-container-core-group-is-layout-64fa2afa wp-block-group-is-layout-flex\" style=\"padding-top:0;padding-right:0;padding-bottom:0;padding-left:0\">\n<figure class=\"wp-block-image size-large ext-aspect-landscape wp-duotone-primary-foreground\"><img decoding=\"async\" src=\"data:image\/svg+xml;base64,PHN2ZyB4bWxucz0iaHR0cDovL3d3dy53My5vcmcvMjAwMC9zdmciIHdpZHRoPSI0OCIgaGVpZ2h0PSI0OCIgZmlsbD0iIzAwMDAwMCIgdmlld0JveD0iMCAwIDI1NiAyNTYiPjxwYXRoIGQ9Ik0xNDAsMTgwYTEyLDEyLDAsMSwxLTEyLTEyQTEyLDEyLDAsMCwxLDE0MCwxODBaTTEyOCw3MmMtMjIuMDYsMC00MCwxNi4xNS00MCwzNnY0YTgsOCwwLDAsMCwxNiwwdi00YzAtMTEsMTAuNzctMjAsMjQtMjBzMjQsOSwyNCwyMC0xMC43NywyMC0yNCwyMGE4LDgsMCwwLDAtOCw4djhhOCw4LDAsMCwwLDE2LDB2LS43MmMxOC4yNC0zLjM1LDMyLTE3LjksMzItMzUuMjhDMTY4LDg4LjE1LDE1MC4wNiw3MiwxMjgsNzJabTEwNCw1NkExMDQsMTA0LDAsMSwxLDEyOCwyNCwxMDQuMTEsMTA0LjExLDAsMCwxLDIzMiwxMjhabS0xNiwwYTg4LDg4LDAsMSwwLTg4LDg4QTg4LjEsODguMSwwLDAsMCwyMTYsMTI4WiI+PC9wYXRoPjwvc3ZnPg==\" alt=\"\" style=\"object-fit:cover\"\/><\/figure>\n\n\n\n<div class=\"wp-block-group wp-container-content-958eb9dc has-global-padding is-layout-constrained wp-container-core-group-is-layout-c06d165c wp-block-group-is-layout-constrained\" style=\"padding-top:0;padding-right:0;padding-bottom:0;padding-left:0\">\n<h3 class=\"wp-block-heading\">Gibt es eine Altersbeschr\u00e4nkung?<\/h3>\n\n\n\n<p>Teilnehmer sollten mindestens 18 Jahre alt sein, um an der Veranstaltung teilzunehmen.<\/p>\n\n\n\n<p class=\"ext-animate--on\">Participants must be at least 18 years old to take part in the event.<\/p>\n<\/div>\n<\/div>\n<\/div>\n<\/div>\n<\/div>\n\n\n\n<div class=\"wp-block-column ext-animate--on is-layout-flow wp-container-core-column-is-layout-119bc444 wp-block-column-is-layout-flow\">\n<div class=\"wp-block-group is-style-ext-preset--group--natural-1--item-card-1--align-start has-global-padding is-layout-constrained wp-block-group-is-layout-constrained is-style-ext-preset--group--natural-1--item-card-1--align-start--10\">\n<div class=\"wp-block-group is-style-default has-global-padding is-layout-constrained wp-block-group-is-layout-constrained\">\n<div class=\"wp-block-group is-nowrap is-layout-flex wp-container-core-group-is-layout-64fa2afa wp-block-group-is-layout-flex\" style=\"padding-top:0;padding-right:0;padding-bottom:0;padding-left:0\">\n<figure class=\"wp-block-image size-large ext-aspect-landscape wp-duotone-primary-foreground\"><img decoding=\"async\" src=\"data:image\/svg+xml;base64,PHN2ZyB4bWxucz0iaHR0cDovL3d3dy53My5vcmcvMjAwMC9zdmciIHdpZHRoPSI0OCIgaGVpZ2h0PSI0OCIgZmlsbD0iIzAwMDAwMCIgdmlld0JveD0iMCAwIDI1NiAyNTYiPjxwYXRoIGQ9Ik0xNDAsMTgwYTEyLDEyLDAsMSwxLTEyLTEyQTEyLDEyLDAsMCwxLDE0MCwxODBaTTEyOCw3MmMtMjIuMDYsMC00MCwxNi4xNS00MCwzNnY0YTgsOCwwLDAsMCwxNiwwdi00YzAtMTEsMTAuNzctMjAsMjQtMjBzMjQsOSwyNCwyMC0xMC43NywyMC0yNCwyMGE4LDgsMCwwLDAtOCw4djhhOCw4LDAsMCwwLDE2LDB2LS43MmMxOC4yNC0zLjM1LDMyLTE3LjksMzItMzUuMjhDMTY4LDg4LjE1LDE1MC4wNiw3MiwxMjgsNzJabTEwNCw1NkExMDQsMTA0LDAsMSwxLDEyOCwyNCwxMDQuMTEsMTA0LjExLDAsMCwxLDIzMiwxMjhabS0xNiwwYTg4LDg4LDAsMSwwLTg4LDg4QTg4LjEsODguMSwwLDAsMCwyMTYsMTI4WiI+PC9wYXRoPjwvc3ZnPg==\" alt=\"\" style=\"object-fit:cover\"\/><\/figure>\n\n\n\n<div class=\"wp-block-group wp-container-content-958eb9dc has-global-padding is-layout-constrained wp-container-core-group-is-layout-c06d165c wp-block-group-is-layout-constrained\" style=\"padding-top:0;padding-right:0;padding-bottom:0;padding-left:0\">\n<h3 class=\"wp-block-heading\">Wie erreiche ich die Veranstaltungsst\u00e4tte?<\/h3>\n\n\n\n<p>Die Veranstaltungsorte sind gut mit \u00f6ffentlichen Verkehrsmitteln in M\u00fcnchen erreichbar,<\/p>\n\n\n\n<p class=\"ext-animate--on\">The venues are easily accessible by public transport in Munich.<\/p>\n<\/div>\n<\/div>\n<\/div>\n<\/div>\n<\/div>\n<\/div>\n<\/div>\n\n\n\n<div class=\"wp-block-group alignfull is-style-ext-preset--group--natural-1--section has-background-background-color has-background has-global-padding is-layout-constrained wp-container-core-group-is-layout-18437aeb wp-block-group-is-layout-constrained\" style=\"margin-top:0;margin-bottom:0;padding-top:var(--wp--preset--spacing--70);padding-right:0;padding-bottom:var(--wp--preset--spacing--70);padding-left:0\">\n<div class=\"wp-block-group alignwide is-style-ext-preset--group--natural-1--item-card-1--align-start has-global-padding is-layout-constrained wp-block-group-is-layout-constrained is-style-ext-preset--group--natural-1--item-card-1--align-start--12\">\n<div class=\"wp-block-cover alignwide is-style-ext-preset--cover--natural-1--cover-overlay-1 is-style-ext-preset--cover--natural-1--cover-overlay-1--13\" style=\"padding-top:var(--wp--preset--spacing--50);padding-right:var(--wp--preset--spacing--30);padding-bottom:var(--wp--preset--spacing--50);padding-left:var(--wp--preset--spacing--30)\"><img loading=\"lazy\" decoding=\"async\" width=\"960\" height=\"1440\" class=\"wp-block-cover__image-background wp-image-73\" alt=\"\" src=\"https:\/\/baerenwiesn.de\/wp-content\/uploads\/2026\/04\/b2c987dd5c517277eec3d77ef5a6ed27d35b12db.jpg\" data-object-fit=\"cover\" srcset=\"https:\/\/baerenwiesn.de\/wp-content\/uploads\/2026\/04\/b2c987dd5c517277eec3d77ef5a6ed27d35b12db.jpg 960w, https:\/\/baerenwiesn.de\/wp-content\/uploads\/2026\/04\/b2c987dd5c517277eec3d77ef5a6ed27d35b12db-200x300.jpg 200w, https:\/\/baerenwiesn.de\/wp-content\/uploads\/2026\/04\/b2c987dd5c517277eec3d77ef5a6ed27d35b12db-683x1024.jpg 683w, https:\/\/baerenwiesn.de\/wp-content\/uploads\/2026\/04\/b2c987dd5c517277eec3d77ef5a6ed27d35b12db-768x1152.jpg 768w\" sizes=\"auto, (max-width: 960px) 100vw, 960px\" \/><span aria-hidden=\"true\" class=\"wp-block-cover__background has-background-dim-80 has-background-dim\" style=\"background-color:#010101\"><\/span><div class=\"wp-block-cover__inner-container has-global-padding is-layout-constrained wp-container-core-cover-is-layout-1c074333 wp-block-cover-is-layout-constrained\">\n<div class=\"wp-block-group alignwide has-global-padding is-layout-constrained wp-container-core-group-is-layout-f3b35183 wp-block-group-is-layout-constrained\" style=\"padding-top:0;padding-right:0;padding-bottom:0;padding-left:0\">\n<h2 class=\"wp-block-heading has-text-align-center ext-animate--on has-x-large-font-size\" style=\"margin-bottom:24px\">Feiere mit uns das Baers &#038; Friends Wochenende in M\u00fcnchen<\/h2>\n\n\n\n<p class=\"has-text-align-center ext-animate--on\" style=\"font-size:clamp(14px, 0.875rem + ((1vw - 3.2px) * 0.417), 18px);\">Sei dabei und erlebe die einzigartige Stimmung  des Baers &#038; Friends  Wochenende \u2013 sichere dir jetzt dein Ticket und feiere gemeinsam mit \u00fcber 6000 schwulen M\u00e4nnern und Freunden in der Bra\u00fcrosel!<\/p>\n\n\n\n<div class=\"wp-block-buttons ext-animate--on is-content-justification-center is-layout-flex wp-container-core-buttons-is-layout-a89b3969 wp-block-buttons-is-layout-flex\">\n<div class=\"wp-block-button is-style-ext-preset--button--natural-1--button-1 is-style-ext-preset--button--natural-1--button-1--14\"><a class=\"wp-block-button__link wp-element-button\" href=\"https:\/\/baerenwiesn.de\/#galerie\">Jetzt entdecken<\/a><\/div>\n<\/div>\n<\/div>\n<\/div><\/div>\n<\/div>\n<\/div>\n\n\n\n<div class=\"wp-block-group alignfull is-style-ext-preset--group--natural-1--section has-tertiary-background-color has-background has-global-padding is-layout-constrained wp-container-core-group-is-layout-f72f1611 wp-block-group-is-layout-constrained\" id=\"galerie\" style=\"margin-top:0;margin-bottom:0;padding-top:var(--wp--preset--spacing--70);padding-bottom:var(--wp--preset--spacing--70)\">\n<div class=\"wp-block-group alignwide ext-is-logical-start has-global-padding is-content-justification-left is-layout-constrained wp-container-core-group-is-layout-6729bdbe wp-block-group-is-layout-constrained\">\n<h2 class=\"wp-block-heading ext-animate--on\">Bears &#038; Friends M\u00fcnchen: Das Event zum Gaysunday<\/h2>\n\n\n\n<p class=\"has-text-align-left ext-animate--on\" style=\"margin-top:1.5rem\">Erleben Sie hier spannende Eindr\u00fccke vom Baers &#038; Friends  Wochenende , dem Treffpunkt f\u00fcr schwule M\u00e4nner und ihre Freunde.<\/p>\n<\/div>\n\n\n\n<div class=\"wp-block-columns alignwide is-layout-flex wp-container-core-columns-is-layout-87beb0d0 wp-block-columns-is-layout-flex\">\n<div class=\"wp-block-column is-vertically-aligned-top ext-animate--on is-layout-flow wp-container-core-column-is-layout-f5bb311e wp-block-column-is-layout-flow\">\n<figure class=\"wp-block-image is-style-ext-preset--image--natural-1--image-1--content-bottom is-style-ext-preset--image--natural-1--image-1--content-bottom--16\"><img loading=\"lazy\" decoding=\"async\" width=\"1440\" height=\"960\" src=\"https:\/\/baerenwiesn.de\/wp-content\/uploads\/2026\/04\/4c6af8ee1528514351823803ead6f943ca495d0b.jpg\" alt=\"\" class=\"wp-image-74\" style=\"aspect-ratio:1;object-fit:cover\" srcset=\"https:\/\/baerenwiesn.de\/wp-content\/uploads\/2026\/04\/4c6af8ee1528514351823803ead6f943ca495d0b.jpg 1440w, https:\/\/baerenwiesn.de\/wp-content\/uploads\/2026\/04\/4c6af8ee1528514351823803ead6f943ca495d0b-300x200.jpg 300w, https:\/\/baerenwiesn.de\/wp-content\/uploads\/2026\/04\/4c6af8ee1528514351823803ead6f943ca495d0b-1024x683.jpg 1024w, https:\/\/baerenwiesn.de\/wp-content\/uploads\/2026\/04\/4c6af8ee1528514351823803ead6f943ca495d0b-768x512.jpg 768w\" sizes=\"auto, (max-width: 1440px) 100vw, 1440px\" \/><\/figure>\n\n\n\n<figure class=\"wp-block-image is-style-ext-preset--image--natural-1--image-1--content-right is-style-ext-preset--image--natural-1--image-1--content-right--17\"><img loading=\"lazy\" decoding=\"async\" width=\"1440\" height=\"960\" src=\"https:\/\/baerenwiesn.de\/wp-content\/uploads\/2026\/04\/20ed5e3193c8958138f275d4812059549ea9ef78.jpg\" alt=\"\" class=\"wp-image-75\" style=\"aspect-ratio:4\/3;object-fit:cover\" srcset=\"https:\/\/baerenwiesn.de\/wp-content\/uploads\/2026\/04\/20ed5e3193c8958138f275d4812059549ea9ef78.jpg 1440w, https:\/\/baerenwiesn.de\/wp-content\/uploads\/2026\/04\/20ed5e3193c8958138f275d4812059549ea9ef78-300x200.jpg 300w, https:\/\/baerenwiesn.de\/wp-content\/uploads\/2026\/04\/20ed5e3193c8958138f275d4812059549ea9ef78-1024x683.jpg 1024w, https:\/\/baerenwiesn.de\/wp-content\/uploads\/2026\/04\/20ed5e3193c8958138f275d4812059549ea9ef78-768x512.jpg 768w\" sizes=\"auto, (max-width: 1440px) 100vw, 1440px\" \/><\/figure>\n<\/div>\n\n\n\n<div class=\"wp-block-column is-vertically-aligned-top ext-animate--on is-layout-flow wp-container-core-column-is-layout-f5bb311e wp-block-column-is-layout-flow\">\n<figure class=\"wp-block-image is-style-ext-preset--image--natural-1--image-1--content-left is-style-ext-preset--image--natural-1--image-1--content-left--18\"><img loading=\"lazy\" decoding=\"async\" width=\"1440\" height=\"882\" src=\"https:\/\/baerenwiesn.de\/wp-content\/uploads\/2026\/04\/9a227ce6092d5e329b395df98684eb2c5d86500c.jpg\" alt=\"\" class=\"wp-image-76\" style=\"aspect-ratio:4\/3;object-fit:cover\" srcset=\"https:\/\/baerenwiesn.de\/wp-content\/uploads\/2026\/04\/9a227ce6092d5e329b395df98684eb2c5d86500c.jpg 1440w, https:\/\/baerenwiesn.de\/wp-content\/uploads\/2026\/04\/9a227ce6092d5e329b395df98684eb2c5d86500c-300x184.jpg 300w, https:\/\/baerenwiesn.de\/wp-content\/uploads\/2026\/04\/9a227ce6092d5e329b395df98684eb2c5d86500c-1024x627.jpg 1024w, https:\/\/baerenwiesn.de\/wp-content\/uploads\/2026\/04\/9a227ce6092d5e329b395df98684eb2c5d86500c-768x470.jpg 768w\" sizes=\"auto, (max-width: 1440px) 100vw, 1440px\" \/><\/figure>\n\n\n\n<figure class=\"wp-block-image is-style-ext-preset--image--natural-1--image-1--content-left is-style-ext-preset--image--natural-1--image-1--content-left--19\"><img loading=\"lazy\" decoding=\"async\" width=\"810\" height=\"1440\" src=\"https:\/\/baerenwiesn.de\/wp-content\/uploads\/2026\/04\/f8b7955c6a9bc0483de9f7eba0d6340c556277b0.jpg\" alt=\"\" class=\"wp-image-77\" style=\"aspect-ratio:1;object-fit:cover\" srcset=\"https:\/\/baerenwiesn.de\/wp-content\/uploads\/2026\/04\/f8b7955c6a9bc0483de9f7eba0d6340c556277b0.jpg 810w, https:\/\/baerenwiesn.de\/wp-content\/uploads\/2026\/04\/f8b7955c6a9bc0483de9f7eba0d6340c556277b0-169x300.jpg 169w, https:\/\/baerenwiesn.de\/wp-content\/uploads\/2026\/04\/f8b7955c6a9bc0483de9f7eba0d6340c556277b0-576x1024.jpg 576w, https:\/\/baerenwiesn.de\/wp-content\/uploads\/2026\/04\/f8b7955c6a9bc0483de9f7eba0d6340c556277b0-768x1365.jpg 768w\" sizes=\"auto, (max-width: 810px) 100vw, 810px\" \/><\/figure>\n<\/div>\n<\/div>\n<\/div>\n\n\n\n<div class=\"wp-block-group alignfull is-style-ext-preset--group--natural-1--section has-background-background-color has-background has-global-padding is-layout-constrained wp-block-group-is-layout-constrained\" style=\"margin-top:0;margin-bottom:0;padding-top:var(--wp--preset--spacing--70);padding-bottom:var(--wp--preset--spacing--70)\">\n<div class=\"wp-block-columns alignwide are-vertically-aligned-center is-layout-flex wp-container-core-columns-is-layout-174606dc wp-block-columns-is-layout-flex\">\n<div class=\"wp-block-column is-vertically-aligned-center is-layout-flow wp-block-column-is-layout-flow\">\n<h2 class=\"wp-block-heading ext-animate--on\"><strong>Baers &#038; Friends  Wochenende<\/strong><\/h2>\n\n\n\n<div class=\"wp-block-group ext-animate--on is-nowrap is-layout-flex wp-container-core-group-is-layout-6fee25ed wp-block-group-is-layout-flex\" style=\"margin-top:24px;padding-top:0;padding-right:0;padding-bottom:0;padding-left:0\">\n<div class=\"wp-block-group is-nowrap is-layout-flex wp-container-core-group-is-layout-2ca071df wp-block-group-is-layout-flex\" style=\"padding-top:0;padding-right:0;padding-bottom:0;padding-left:0\">\n<figure class=\"wp-block-image size-large wp-container-content-c42f3963 wp-duotone-primary-foreground\"><img decoding=\"async\" src=\"data:image\/svg+xml;base64,PHN2ZyB4bWxucz0iaHR0cDovL3d3dy53My5vcmcvMjAwMC9zdmciIHdpZHRoPSIyNCIgaGVpZ2h0PSIyNCIgZmlsbD0iIzAwMDAwMCIgdmlld0JveD0iMCAwIDI1NiAyNTYiPjxwYXRoIGQ9Ik0yMDgsMzJIMTg0VjI0YTgsOCwwLDAsMC0xNiwwdjhIODhWMjRhOCw4LDAsMCwwLTE2LDB2OEg0OEExNiwxNiwwLDAsMCwzMiw0OFYyMDhhMTYsMTYsMCwwLDAsMTYsMTZIMjA4YTE2LDE2LDAsMCwwLDE2LTE2VjQ4QTE2LDE2LDAsMCwwLDIwOCwzMlpNNzIsNDh2OGE4LDgsMCwwLDAsMTYsMFY0OGg4MHY4YTgsOCwwLDAsMCwxNiwwVjQ4aDI0VjgwSDQ4VjQ4Wk0yMDgsMjA4SDQ4Vjk2SDIwOFYyMDhabS02OC03NmExMiwxMiwwLDEsMS0xMi0xMkExMiwxMiwwLDAsMSwxNDAsMTMyWm00NCwwYTEyLDEyLDAsMSwxLTEyLTEyQTEyLDEyLDAsMCwxLDE4NCwxMzJaTTk2LDE3MmExMiwxMiwwLDEsMS0xMi0xMkExMiwxMiwwLDAsMSw5NiwxNzJabTQ0LDBhMTIsMTIsMCwxLDEtMTItMTJBMTIsMTIsMCwwLDEsMTQwLDE3MlptNDQsMGExMiwxMiwwLDEsMS0xMi0xMkExMiwxMiwwLDAsMSwxODQsMTcyWiI+PC9wYXRoPjwvc3ZnPg==\" alt=\"\"\/><\/figure>\n\n\n\n<p class=\"wp-container-content-9cfa9a5a\" style=\"font-size:clamp(14px, 0.875rem + ((1vw - 3.2px) * 0.417), 18px);\">Datum 18.09.2026 bis 20.09.2026<\/p>\n<\/div>\n\n\n\n<div class=\"wp-block-group is-nowrap is-layout-flex wp-container-core-group-is-layout-2ca071df wp-block-group-is-layout-flex\" style=\"padding-top:0;padding-right:0;padding-bottom:0;padding-left:0\">\n<figure class=\"wp-block-image size-large wp-duotone-primary-foreground\"><img decoding=\"async\" src=\"data:image\/svg+xml;base64,PHN2ZyB4bWxucz0iaHR0cDovL3d3dy53My5vcmcvMjAwMC9zdmciIHdpZHRoPSIyNCIgaGVpZ2h0PSIyNCIgZmlsbD0iIzAwMDAwMCIgdmlld0JveD0iMCAwIDI1NiAyNTYiPjxwYXRoIGQ9Ik0xMjgsNjRhNDAsNDAsMCwxLDAsNDAsNDBBNDAsNDAsMCwwLDAsMTI4LDY0Wm0wLDY0YTI0LDI0LDAsMSwxLDI0LTI0QTI0LDI0LDAsMCwxLDEyOCwxMjhabTAtMTEyYTg4LjEsODguMSwwLDAsMC04OCw4OGMwLDMxLjQsMTQuNTEsNjQuNjgsNDIsOTYuMjVhMjU0LjE5LDI1NC4xOSwwLDAsMCw0MS40NSwzOC4zLDgsOCwwLDAsMCw5LjE4LDBBMjU0LjE5LDI1NC4xOSwwLDAsMCwxNzQsMjAwLjI1YzI3LjQ1LTMxLjU3LDQyLTY0Ljg1LDQyLTk2LjI1QTg4LjEsODguMSwwLDAsMCwxMjgsMTZabTAsMjA2Yy0xNi41My0xMy03Mi02MC43NS03Mi0xMThhNzIsNzIsMCwwLDEsMTQ0LDBDMjAwLDE2MS4yMywxNDQuNTMsMjA5LDEyOCwyMjJaIj48L3BhdGg+PC9zdmc+\" alt=\"\"\/><\/figure>\n\n\n\n<p class=\"wp-container-content-9cfa9a5a\" style=\"font-size:clamp(14px, 0.875rem + ((1vw - 3.2px) * 0.417), 18px);\">M\u00fcnchen<\/p>\n<\/div>\n<\/div>\n\n\n\n<p class=\"ext-animate--on\">Das Baers &#038; Friends  Wochenende ist eine j\u00e4hrliche Veranstaltung f\u00fcr schwule M\u00e4nner und ihre Freunde um den Gaysunday des M\u00fcnchner Oktoberfests. Erlebt am  Gaysunday gemeinsam mit \u00fcber 6000 Teilnehmern eine fr\u00f6hliche Feier in der Bra\u00fcrosel mit Musik, Tanz und Gemeinschaft.<\/p>\n\n\n\n<p class=\"ext-animate--on\"><\/p>\n\n\n\n<div class=\"wp-block-buttons ext-animate--on is-layout-flex wp-block-buttons-is-layout-flex\">\n<div class=\"wp-block-button is-style-ext-preset--button--natural-1--button-1 is-style-ext-preset--button--natural-1--button-1--21\"><a class=\"wp-block-button__link wp-element-button\" href=\"https:\/\/shop.eventjet.at\/ludwigs-wirtshaus-muc\/event\/0ff4d52d-256c-49b9-b301-c1fce7727312\">Ticket<\/a><\/div>\n<\/div>\n<\/div>\n\n\n\n<div class=\"wp-block-column is-vertically-aligned-center is-layout-flow wp-block-column-is-layout-flow\">\n<figure class=\"wp-block-image is-style-ext-preset--image--natural-1--image-1--content-left ext-animate--on is-style-ext-preset--image--natural-1--image-1--content-left--22\"><img loading=\"lazy\" decoding=\"async\" width=\"1440\" height=\"1052\" src=\"https:\/\/baerenwiesn.de\/wp-content\/uploads\/2026\/04\/8b1450093a275e98ac137b341874d81f3615266f.jpg\" alt=\"\" class=\"wp-image-78\" style=\"aspect-ratio:1;object-fit:cover\" srcset=\"https:\/\/baerenwiesn.de\/wp-content\/uploads\/2026\/04\/8b1450093a275e98ac137b341874d81f3615266f.jpg 1440w, https:\/\/baerenwiesn.de\/wp-content\/uploads\/2026\/04\/8b1450093a275e98ac137b341874d81f3615266f-300x219.jpg 300w, https:\/\/baerenwiesn.de\/wp-content\/uploads\/2026\/04\/8b1450093a275e98ac137b341874d81f3615266f-1024x748.jpg 1024w, https:\/\/baerenwiesn.de\/wp-content\/uploads\/2026\/04\/8b1450093a275e98ac137b341874d81f3615266f-768x561.jpg 768w\" sizes=\"auto, (max-width: 1440px) 100vw, 1440px\" \/><\/figure>\n<\/div>\n<\/div>\n<\/div>\n\n\n\n<div class=\"wp-block-group alignfull is-style-ext-preset--group--natural-1--section has-tertiary-background-color has-background has-global-padding is-layout-constrained wp-container-core-group-is-layout-e955bbaf wp-block-group-is-layout-constrained\" id=\"veranstaltungen\" style=\"margin-top:0;margin-bottom:0;padding-top:var(--wp--preset--spacing--70);padding-bottom:var(--wp--preset--spacing--70)\">\n<div class=\"wp-block-group alignwide ext-is-logical-start has-global-padding is-content-justification-left is-layout-constrained wp-container-core-group-is-layout-20186816 wp-block-group-is-layout-constrained\">\n<h2 class=\"wp-block-heading ext-animate--on\">Feiere gemeinsam das<\/h2>\n\n\n\n<p class=\"ext-animate--on\"> Baers &#038; Friends  Wochenende<\/p>\n\n\n\n<p class=\"ext-animate--on\">Auf dieser Seite findest du Infos zu kommenden Events und Aktivit\u00e4ten, die dir erm\u00f6glichen, die Gemeinschaft zu erleben und unvergessliche Momente zu teilen.<\/p>\n<\/div>\n\n\n\n<div class=\"wp-block-columns alignwide is-layout-flex wp-container-core-columns-is-layout-08c01c1c wp-block-columns-is-layout-flex\">\n<div class=\"wp-block-column is-vertically-aligned-stretch ext-animate--on is-layout-flow wp-block-column-is-layout-flow\">\n<div class=\"wp-block-group is-style-ext-preset--group--natural-1--item-card-1--align-start has-global-padding is-layout-constrained wp-block-group-is-layout-constrained is-style-ext-preset--group--natural-1--item-card-1--align-start--24\">\n<div class=\"wp-block-group is-style-default has-global-padding is-layout-constrained wp-block-group-is-layout-constrained\">\n<h3 class=\"wp-block-heading\">Baerenwiesn Er\u00f6ffnungsparty<\/h3>\n\n\n\n<div class=\"wp-block-group is-nowrap is-layout-flex wp-container-core-group-is-layout-6fee25ed wp-block-group-is-layout-flex\" style=\"margin-top:24px;padding-top:0;padding-right:0;padding-bottom:0;padding-left:0\"><\/div>\n\n\n\n<p>Meet &#038; Great <\/p>\n\n\n\n<p class=\"ext-animate--on\">18.09.2026 21:00 Uhr<\/p>\n\n\n\n<p class=\"ext-animate--on\">Im New York Club M\u00fcnchen. Elisenstrasse 3.<\/p>\n\n\n\n<p class=\"ext-animate--on\">Dort k\u00f6nnt Ihr Eure Tickets abholen und Euch kennenlernen. Ihr seid Teil der Pre-Open-Party der Wiesn 2026 im New York Club M\u00fcnchen \u2013 Deutschlands \u00e4ltestem Gayclub.<\/p>\n<\/div>\n<\/div>\n<\/div>\n\n\n\n<div class=\"wp-block-column is-vertically-aligned-stretch ext-animate--on is-layout-flow wp-block-column-is-layout-flow\">\n<div class=\"wp-block-group is-style-ext-preset--group--natural-1--item-card-1--align-start has-global-padding is-layout-constrained wp-block-group-is-layout-constrained is-style-ext-preset--group--natural-1--item-card-1--align-start--25\">\n<div class=\"wp-block-group is-style-default has-global-padding is-layout-constrained wp-block-group-is-layout-constrained\">\n<h3 class=\"wp-block-heading\">Samstag<\/h3>\n\n\n\n<div class=\"wp-block-group is-nowrap is-layout-flex wp-container-core-group-is-layout-6fee25ed wp-block-group-is-layout-flex\" style=\"margin-top:24px;padding-top:0;padding-right:0;padding-bottom:0;padding-left:0\">\n<div class=\"wp-block-group is-nowrap is-layout-flex wp-container-core-group-is-layout-2ca071df wp-block-group-is-layout-flex\" style=\"padding-top:0;padding-right:0;padding-bottom:0;padding-left:0\">\n<figure class=\"wp-block-image size-large wp-container-content-c42f3963 wp-duotone-primary-foreground\"><img decoding=\"async\" src=\"data:image\/svg+xml;base64,PHN2ZyB4bWxucz0iaHR0cDovL3d3dy53My5vcmcvMjAwMC9zdmciIHdpZHRoPSIyNCIgaGVpZ2h0PSIyNCIgZmlsbD0iIzAwMDAwMCIgdmlld0JveD0iMCAwIDI1NiAyNTYiPjxwYXRoIGQ9Ik0yMDgsMzJIMTg0VjI0YTgsOCwwLDAsMC0xNiwwdjhIODhWMjRhOCw4LDAsMCwwLTE2LDB2OEg0OEExNiwxNiwwLDAsMCwzMiw0OFYyMDhhMTYsMTYsMCwwLDAsMTYsMTZIMjA4YTE2LDE2LDAsMCwwLDE2LTE2VjQ4QTE2LDE2LDAsMCwwLDIwOCwzMlpNNzIsNDh2OGE4LDgsMCwwLDAsMTYsMFY0OGg4MHY4YTgsOCwwLDAsMCwxNiwwVjQ4aDI0VjgwSDQ4VjQ4Wk0yMDgsMjA4SDQ4Vjk2SDIwOFYyMDhabS02OC03NmExMiwxMiwwLDEsMS0xMi0xMkExMiwxMiwwLDAsMSwxNDAsMTMyWm00NCwwYTEyLDEyLDAsMSwxLTEyLTEyQTEyLDEyLDAsMCwxLDE4NCwxMzJaTTk2LDE3MmExMiwxMiwwLDEsMS0xMi0xMkExMiwxMiwwLDAsMSw5NiwxNzJabTQ0LDBhMTIsMTIsMCwxLDEtMTItMTJBMTIsMTIsMCwwLDEsMTQwLDE3MlptNDQsMGExMiwxMiwwLDEsMS0xMi0xMkExMiwxMiwwLDAsMSwxODQsMTcyWiI+PC9wYXRoPjwvc3ZnPg==\" alt=\"\"\/><\/figure>\n\n\n\n<p class=\"wp-container-content-9cfa9a5a\" style=\"font-size:clamp(14px, 0.875rem + ((1vw - 3.2px) * 0.417), 18px);\">19.09.26<\/p>\n<\/div>\n\n\n\n<div class=\"wp-block-group is-nowrap is-layout-flex wp-container-core-group-is-layout-2ca071df wp-block-group-is-layout-flex\" style=\"padding-top:0;padding-right:0;padding-bottom:0;padding-left:0\">\n<figure class=\"wp-block-image size-large wp-duotone-primary-foreground\"><img decoding=\"async\" src=\"data:image\/svg+xml;base64,PHN2ZyB4bWxucz0iaHR0cDovL3d3dy53My5vcmcvMjAwMC9zdmciIHdpZHRoPSIyNCIgaGVpZ2h0PSIyNCIgZmlsbD0iIzAwMDAwMCIgdmlld0JveD0iMCAwIDI1NiAyNTYiPjxwYXRoIGQ9Ik0xMjgsNjRhNDAsNDAsMCwxLDAsNDAsNDBBNDAsNDAsMCwwLDAsMTI4LDY0Wm0wLDY0YTI0LDI0LDAsMSwxLDI0LTI0QTI0LDI0LDAsMCwxLDEyOCwxMjhabTAtMTEyYTg4LjEsODguMSwwLDAsMC04OCw4OGMwLDMxLjQsMTQuNTEsNjQuNjgsNDIsOTYuMjVhMjU0LjE5LDI1NC4xOSwwLDAsMCw0MS40NSwzOC4zLDgsOCwwLDAsMCw5LjE4LDBBMjU0LjE5LDI1NC4xOSwwLDAsMCwxNzQsMjAwLjI1YzI3LjQ1LTMxLjU3LDQyLTY0Ljg1LDQyLTk2LjI1QTg4LjEsODguMSwwLDAsMCwxMjgsMTZabTAsMjA2Yy0xNi41My0xMy03Mi02MC43NS03Mi0xMThhNzIsNzIsMCwwLDEsMTQ0LDBDMjAwLDE2MS4yMywxNDQuNTMsMjA5LDEyOCwyMjJaIj48L3BhdGg+PC9zdmc+\" alt=\"\"\/><\/figure>\n\n\n\n<p class=\"wp-container-content-9cfa9a5a\" style=\"font-size:clamp(14px, 0.875rem + ((1vw - 3.2px) * 0.417), 18px);\">M\u00fcnchen<\/p>\n<\/div>\n<\/div>\n\n\n\n<p class=\"ext-animate--on\">Samstag 19.09.2026 ab 11:00 Uhr treffen wir uns zu Weisswurstfr\u00fchst\u00fcckim Cafe Gl\u00fcck, Palmstrasse 4.<\/p>\n\n\n\n<p class=\"ext-animate--on\"> Dort k\u00f6nnt Ihr per Live\u00fcbertragung den Einzug der Wiesnwirte beobachten. . Alternativ k\u00f6nnt Ihr den Verzehrgutschein nat\u00fcrlich dort auch anderweitig verzehren.<\/p>\n\n\n\n<p class=\"ext-animate--on\">Am Abend erwartet Euch der New York Club, zur After Wiesnparty. Der Eintritt ist im Packet inklusive. Beginn ist 22:00 Uhr<\/p>\n<\/div>\n<\/div>\n<\/div>\n\n\n\n<div class=\"wp-block-column is-vertically-aligned-stretch ext-animate--on is-layout-flow wp-block-column-is-layout-flow\">\n<div class=\"wp-block-group is-style-ext-preset--group--natural-1--item-card-1--align-start has-global-padding is-layout-constrained wp-block-group-is-layout-constrained is-style-ext-preset--group--natural-1--item-card-1--align-start--26\">\n<div class=\"wp-block-group is-style-default has-global-padding is-layout-constrained wp-block-group-is-layout-constrained\">\n<h3 class=\"wp-block-heading\">Abschlussfest <\/h3>\n\n\n\n<p class=\"ext-animate--on\">Bears &#038; Friends M\u00fcnchen <\/p>\n\n\n\n<div class=\"wp-block-group is-nowrap is-layout-flex wp-container-core-group-is-layout-6fee25ed wp-block-group-is-layout-flex\" style=\"margin-top:24px;padding-top:0;padding-right:0;padding-bottom:0;padding-left:0\">\n<div class=\"wp-block-group is-nowrap is-layout-flex wp-container-core-group-is-layout-2ca071df wp-block-group-is-layout-flex\" style=\"padding-top:0;padding-right:0;padding-bottom:0;padding-left:0\">\n<p class=\"wp-container-content-9cfa9a5a\" style=\"font-size:clamp(14px, 0.875rem + ((1vw - 3.2px) * 0.417), 18px);\"><\/p>\n<\/div>\n<\/div>\n\n\n\n<p>Gemeinsam feiern wir den kr\u00f6nenden Abschluss der Baerenwiesn.<\/p>\n\n\n\n<p class=\"ext-animate--on\">Am 20.09.2026 startet er der legend\u00e4re Gay Sunday auf dem Blakon der Br\u00e4urosel. Unsere Pl\u00e4tze sind ab 10:30 Uhr reserviert. Die Wirte freuen sich gemeinsam mit uns eine der \u00e4ltesten schwul- lesbischen Veranstaltungen auf dem Oktoberfest zu feiern.<\/p>\n<\/div>\n<\/div>\n<\/div>\n<\/div>\n<\/div>\n","protected":false},"excerpt":{"rendered":"<p>Gemeinsam feiern: Celebrating Together: Baers &#038; Friends Wochenende Hier finden Sie Antworten auf die wichtigsten Fragen rund um Bears &#038; Friends M\u00fcnchen , damit Sie entspannt und gut informiert teilnehmen k\u00f6nnen. Here you will find answers to the most important questions regarding Bears &#038; Friends Munich, so that you can participate in a relaxed and [&hellip;]<\/p>\n","protected":false},"author":1,"featured_media":0,"parent":0,"menu_order":0,"comment_status":"closed","ping_status":"closed","template":"no-title-sticky-header","meta":{"footnotes":""},"class_list":["post-14","page","type-page","status-publish","hentry"],"_links":{"self":[{"href":"https:\/\/baerenwiesn.de\/en\/wp-json\/wp\/v2\/pages\/14","targetHints":{"allow":["GET"]}}],"collection":[{"href":"https:\/\/baerenwiesn.de\/en\/wp-json\/wp\/v2\/pages"}],"about":[{"href":"https:\/\/baerenwiesn.de\/en\/wp-json\/wp\/v2\/types\/page"}],"author":[{"embeddable":true,"href":"https:\/\/baerenwiesn.de\/en\/wp-json\/wp\/v2\/users\/1"}],"replies":[{"embeddable":true,"href":"https:\/\/baerenwiesn.de\/en\/wp-json\/wp\/v2\/comments?post=14"}],"version-history":[{"count":155,"href":"https:\/\/baerenwiesn.de\/en\/wp-json\/wp\/v2\/pages\/14\/revisions"}],"predecessor-version":[{"id":243,"href":"https:\/\/baerenwiesn.de\/en\/wp-json\/wp\/v2\/pages\/14\/revisions\/243"}],"wp:attachment":[{"href":"https:\/\/baerenwiesn.de\/en\/wp-json\/wp\/v2\/media?parent=14"}],"curies":[{"name":"wp","href":"https:\/\/api.w.org\/{rel}","templated":true}]}}